{"id":573,"date":"2026-01-14T08:58:23","date_gmt":"2026-01-14T08:58:23","guid":{"rendered":"http:\/\/www.bolsaplast.com\/?page_id=573"},"modified":"2026-01-14T09:02:01","modified_gmt":"2026-01-14T09:02:01","slug":"informations-juridiques","status":"publish","type":"page","link":"https:\/\/www.bolsaplast.com\/fr\/informations-juridiques\/","title":{"rendered":"Informations juridiques"},"content":{"rendered":"<p>L'organe de gestion \/ de direction de\u00a0<strong>BOLSAPLAST S.L.<\/strong>\u00a0(ci-apr\u00e8s, le contr\u00f4leur de donn\u00e9es), assume la plus grande responsabilit\u00e9 et s'engage \u00e0 \u00e9tablir, mettre en \u0153uvre et maintenir la pr\u00e9sente politique de protection des donn\u00e9es, en assurant l'am\u00e9lioration continue du contr\u00f4leur de donn\u00e9es dans le but d'atteindre l'excellence en ce qui concerne la conformit\u00e9 avec le r\u00e8glement (UE) 2016\/679 du Parlement europ\u00e9en et du Conseil du 27 avril 2016, relatif \u00e0 la protection des personnes physiques \u00e0 l'\u00e9gard du traitement des donn\u00e9es \u00e0 caract\u00e8re personnel et \u00e0 la libre circulation de ces donn\u00e9es, et abrogeant la directive 95\/46\/CE (r\u00e8glement g\u00e9n\u00e9ral sur la protection des donn\u00e9es) (JOUE L 119\/1, 04-05-2016), et la r\u00e9glementation espagnole en mati\u00e8re de protection des donn\u00e9es \u00e0 caract\u00e8re personnel (loi organique, l\u00e9gislation sectorielle sp\u00e9cifique et ses r\u00e8gles d'application).<\/p>\n<p>La politique de protection des donn\u00e9es de\u00a0<strong>BOLSAPLAST S.L.<\/strong>\u00a0repose dans la\u00a0<u>principe de la responsabilit\u00e9 proactive<\/u>, selon laquelle le responsable du traitement est responsable du respect du cadre r\u00e9glementaire et jurisprudentiel r\u00e9gissant la pr\u00e9sente politique et est en mesure de le d\u00e9montrer aux autorit\u00e9s de contr\u00f4le comp\u00e9tentes.<\/p>\n<p>\u00c0 cet \u00e9gard, le responsable du traitement est r\u00e9gi par les principes suivants, qui devraient servir de guide et de cadre de r\u00e9f\u00e9rence \u00e0 l'ensemble de son personnel dans le cadre du traitement des donn\u00e9es \u00e0 caract\u00e8re personnel :<\/p>\n<div>1.\u00a0<u>Protection des donn\u00e9es d\u00e8s la conception :<\/u>\u00a0le responsable du traitement met en \u0153uvre, tant au moment de la d\u00e9termination des moyens de traitement qu'au moment du traitement lui-m\u00eame, des mesures techniques et organisationnelles appropri\u00e9es, telles que la pseudonymisation, destin\u00e9es \u00e0 mettre en \u0153uvre efficacement les principes de protection des donn\u00e9es, tels que la minimisation des donn\u00e9es, et \u00e0 int\u00e9grer les garanties n\u00e9cessaires dans le traitement.<\/div>\n<div>2.\u00a0<u>Protection des donn\u00e9es par d\u00e9faut :<\/u>\u00a0le responsable du traitement met en \u0153uvre les mesures techniques et organisationnelles appropri\u00e9es afin de garantir que, par d\u00e9faut, seules les donn\u00e9es \u00e0 caract\u00e8re personnel qui sont n\u00e9cessaires au regard de chacune des finalit\u00e9s sp\u00e9cifiques du traitement sont trait\u00e9es.<\/div>\n<div>3.\u00a0<u>Protection des donn\u00e9es dans le cycle de vie de l'information :<\/u>\u00a0les mesures garantissant la protection des donn\u00e9es \u00e0 caract\u00e8re personnel sont applicables tout au long du cycle de vie de l'information.<\/div>\n<div>4.\u00a0<u>\u00c9quit\u00e9, loyaut\u00e9 et transparence :<\/u>\u00a0les donn\u00e9es \u00e0 caract\u00e8re personnel sont trait\u00e9es de mani\u00e8re licite, loyale et transparente \u00e0 l'\u00e9gard de la personne concern\u00e9e.<\/div>\n<div>5.\u00a0<u>Limitation de l'objectif :<\/u>\u00a0les donn\u00e9es \u00e0 caract\u00e8re personnel sont collect\u00e9es pour des finalit\u00e9s d\u00e9termin\u00e9es, explicites et l\u00e9gitimes et ne sont pas trait\u00e9es ult\u00e9rieurement de mani\u00e8re incompatible avec ces finalit\u00e9s.<\/div>\n<div>6.\u00a0<u>La minimisation des donn\u00e9es :<\/u>\u00a0les donn\u00e9es \u00e0 caract\u00e8re personnel sont ad\u00e9quates, pertinentes et limit\u00e9es \u00e0 ce qui est n\u00e9cessaire au regard des finalit\u00e9s pour lesquelles elles sont trait\u00e9es.<\/div>\n<div>7.\u00a0<u>Pr\u00e9cision :<\/u>\u00a0les donn\u00e9es \u00e0 caract\u00e8re personnel sont exactes et, si n\u00e9cessaire, mises \u00e0 jour ; toutes les mesures raisonnables sont prises pour que les donn\u00e9es \u00e0 caract\u00e8re personnel qui sont inexactes au regard des finalit\u00e9s pour lesquelles elles sont trait\u00e9es soient effac\u00e9es ou rectifi\u00e9es sans d\u00e9lai.<\/div>\n<div>8.\u00a0<u>Limitation de la p\u00e9riode de conservation :<\/u>\u00a0les donn\u00e9es \u00e0 caract\u00e8re personnel sont conserv\u00e9es sous une forme permettant l'identification des personnes concern\u00e9es pendant une dur\u00e9e n'exc\u00e9dant pas celle n\u00e9cessaire \u00e0 la r\u00e9alisation des finalit\u00e9s pour lesquelles elles sont trait\u00e9es.<\/div>\n<div>9.\u00a0<u>Int\u00e9grit\u00e9 et confidentialit\u00e9 :<\/u>\u00a0les donn\u00e9es \u00e0 caract\u00e8re personnel sont trait\u00e9es de mani\u00e8re \u00e0 assurer une s\u00e9curit\u00e9 appropri\u00e9e des donn\u00e9es \u00e0 caract\u00e8re personnel, y compris la protection contre le traitement non autoris\u00e9 ou illicite et contre la perte, la destruction ou les dommages accidentels, par la mise en \u0153uvre de mesures techniques ou organisationnelles appropri\u00e9es.<\/div>\n<div>10.\u00a0<u>Information et formation :<\/u>\u00a0L'une des cl\u00e9s pour assurer la protection des donn\u00e9es \u00e0 caract\u00e8re personnel est la formation et l'information du personnel impliqu\u00e9 dans le traitement des donn\u00e9es \u00e0 caract\u00e8re personnel. Au cours du cycle de vie de l'information, tout le personnel ayant acc\u00e8s aux donn\u00e9es doit \u00eatre correctement form\u00e9 et inform\u00e9 de ses obligations en mati\u00e8re de respect des r\u00e9glementations relatives \u00e0 la protection des donn\u00e9es.<\/div>\n<p>La politique de protection des donn\u00e9es de\u00a0<strong>BOLSAPLAST S.L.<\/strong>\u00a0est communiqu\u00e9e \u00e0 l'ensemble du personnel du contr\u00f4leur et mise \u00e0 la disposition de toutes les parties int\u00e9ress\u00e9es.<\/p>\n<p>Par cons\u00e9quent, la pr\u00e9sente politique de protection des donn\u00e9es concerne l'ensemble du personnel du responsable du traitement, qui doit la conna\u00eetre et l'accepter, en la consid\u00e9rant comme sienne, chaque membre \u00e9tant responsable de son application et de la v\u00e9rification des r\u00e8gles de protection des donn\u00e9es applicables \u00e0 son activit\u00e9, ainsi que de l'identification et de la fourniture des possibilit\u00e9s d'am\u00e9lioration qu'il juge appropri\u00e9es dans le but d'atteindre l'excellence en ce qui concerne le respect de ces r\u00e8gles.<\/p>\n<p>La pr\u00e9sente politique sera r\u00e9examin\u00e9e par la direction\/l'organe de gouvernance de\u00a0<strong>BOLSAPLAST S.L.<\/strong>, autant de fois que n\u00e9cessaire, afin de respecter \u00e0 tout moment les dispositions en vigueur en mati\u00e8re de protection des donn\u00e9es \u00e0 caract\u00e8re personnel.<\/p>","protected":false},"excerpt":{"rendered":"<p>La Direcci\u00f3n \/ \u00d3rgano de Gobierno de\u00a0BOLSAPLAST S.L.\u00a0(en adelante, el responsable del tratamiento), asume la m\u00e1xima responsabilidad y compromiso con el establecimiento, implementaci\u00f3n y mantenimiento de la presente Pol\u00edtica de Protecci\u00f3n de Datos, garantizando la mejora continua del responsable del tratamiento con el objetivo de alcanzar la excelencia en relaci\u00f3n con el cumplimiento del Reglamento [&hellip;]<\/p>","protected":false},"author":1,"featured_media":0,"parent":0,"menu_order":0,"comment_status":"closed","ping_status":"closed","template":"page-legal.php","meta":{"_acf_changed":false,"footnotes":""},"class_list":["post-573","page","type-page","status-publish","hentry"],"acf":[],"yoast_head":"<!-- This site is optimized with the Yoast SEO plugin v26.8 - https:\/\/yoast.com\/product\/yoast-seo-wordpress\/ -->\n<title>Informaci\u00f3n legal - Bolsaplast<\/title>\n<meta name=\"robots\" content=\"index, follow, max-snippet:-1, max-image-preview:large, max-video-preview:-1\" \/>\n<link rel=\"canonical\" href=\"https:\/\/www.bolsaplast.com\/fr\/informations-juridiques\/\" \/>\n<meta property=\"og:locale\" content=\"fr_FR\" \/>\n<meta property=\"og:type\" content=\"article\" \/>\n<meta property=\"og:title\" content=\"Informaci\u00f3n legal - Bolsaplast\" \/>\n<meta property=\"og:description\" content=\"La Direcci\u00f3n \/ \u00d3rgano de Gobierno de\u00a0BOLSAPLAST S.L.\u00a0(en adelante, el responsable del tratamiento), asume la m\u00e1xima responsabilidad y compromiso con el establecimiento, implementaci\u00f3n y mantenimiento de la presente Pol\u00edtica de Protecci\u00f3n de Datos, garantizando la mejora continua del responsable del tratamiento con el objetivo de alcanzar la excelencia en relaci\u00f3n con el cumplimiento del Reglamento [&hellip;]\" \/>\n<meta property=\"og:url\" content=\"https:\/\/www.bolsaplast.com\/fr\/informations-juridiques\/\" \/>\n<meta property=\"og:site_name\" content=\"Bolsaplast\" \/>\n<meta property=\"article:modified_time\" content=\"2026-01-14T09:02:01+00:00\" \/>\n<meta name=\"twitter:card\" content=\"summary_large_image\" \/>\n<meta name=\"twitter:label1\" content=\"Dur\u00e9e de lecture estim\u00e9e\" \/>\n\t<meta name=\"twitter:data1\" content=\"4 minutes\" \/>\n<script type=\"application\/ld+json\" class=\"yoast-schema-graph\">{\"@context\":\"https:\/\/schema.org\",\"@graph\":[{\"@type\":\"WebPage\",\"@id\":\"https:\/\/www.bolsaplast.com\/informacion-legal\/\",\"url\":\"https:\/\/www.bolsaplast.com\/informacion-legal\/\",\"name\":\"Informaci\u00f3n legal - Bolsaplast\",\"isPartOf\":{\"@id\":\"https:\/\/www.bolsaplast.com\/#website\"},\"datePublished\":\"2026-01-14T08:58:23+00:00\",\"dateModified\":\"2026-01-14T09:02:01+00:00\",\"breadcrumb\":{\"@id\":\"https:\/\/www.bolsaplast.com\/informacion-legal\/#breadcrumb\"},\"inLanguage\":\"fr-FR\",\"potentialAction\":[{\"@type\":\"ReadAction\",\"target\":[\"https:\/\/www.bolsaplast.com\/informacion-legal\/\"]}]},{\"@type\":\"BreadcrumbList\",\"@id\":\"https:\/\/www.bolsaplast.com\/informacion-legal\/#breadcrumb\",\"itemListElement\":[{\"@type\":\"ListItem\",\"position\":1,\"name\":\"Portada\",\"item\":\"https:\/\/www.bolsaplast.com\/\"},{\"@type\":\"ListItem\",\"position\":2,\"name\":\"Informaci\u00f3n legal\"}]},{\"@type\":\"WebSite\",\"@id\":\"https:\/\/www.bolsaplast.com\/#website\",\"url\":\"https:\/\/www.bolsaplast.com\/\",\"name\":\"Bolsaplast\",\"description\":\"Especializados en packaging flexible y medical packaging\",\"potentialAction\":[{\"@type\":\"SearchAction\",\"target\":{\"@type\":\"EntryPoint\",\"urlTemplate\":\"https:\/\/www.bolsaplast.com\/?s={search_term_string}\"},\"query-input\":{\"@type\":\"PropertyValueSpecification\",\"valueRequired\":true,\"valueName\":\"search_term_string\"}}],\"inLanguage\":\"fr-FR\"}]}<\/script>\n<!-- \/ Yoast SEO plugin. -->","yoast_head_json":{"title":"Informations juridiques - Bolsaplast","robots":{"index":"index","follow":"follow","max-snippet":"max-snippet:-1","max-image-preview":"max-image-preview:large","max-video-preview":"max-video-preview:-1"},"canonical":"https:\/\/www.bolsaplast.com\/fr\/informations-juridiques\/","og_locale":"fr_FR","og_type":"article","og_title":"Informaci\u00f3n legal - Bolsaplast","og_description":"La Direcci\u00f3n \/ \u00d3rgano de Gobierno de\u00a0BOLSAPLAST S.L.\u00a0(en adelante, el responsable del tratamiento), asume la m\u00e1xima responsabilidad y compromiso con el establecimiento, implementaci\u00f3n y mantenimiento de la presente Pol\u00edtica de Protecci\u00f3n de Datos, garantizando la mejora continua del responsable del tratamiento con el objetivo de alcanzar la excelencia en relaci\u00f3n con el cumplimiento del Reglamento [&hellip;]","og_url":"https:\/\/www.bolsaplast.com\/fr\/informations-juridiques\/","og_site_name":"Bolsaplast","article_modified_time":"2026-01-14T09:02:01+00:00","twitter_card":"summary_large_image","twitter_misc":{"Dur\u00e9e de lecture estim\u00e9e":"4 minutes"},"schema":{"@context":"https:\/\/schema.org","@graph":[{"@type":"WebPage","@id":"https:\/\/www.bolsaplast.com\/informacion-legal\/","url":"https:\/\/www.bolsaplast.com\/informacion-legal\/","name":"Informations juridiques - Bolsaplast","isPartOf":{"@id":"https:\/\/www.bolsaplast.com\/#website"},"datePublished":"2026-01-14T08:58:23+00:00","dateModified":"2026-01-14T09:02:01+00:00","breadcrumb":{"@id":"https:\/\/www.bolsaplast.com\/informacion-legal\/#breadcrumb"},"inLanguage":"fr-FR","potentialAction":[{"@type":"ReadAction","target":["https:\/\/www.bolsaplast.com\/informacion-legal\/"]}]},{"@type":"BreadcrumbList","@id":"https:\/\/www.bolsaplast.com\/informacion-legal\/#breadcrumb","itemListElement":[{"@type":"ListItem","position":1,"name":"Portada","item":"https:\/\/www.bolsaplast.com\/"},{"@type":"ListItem","position":2,"name":"Informaci\u00f3n legal"}]},{"@type":"WebSite","@id":"https:\/\/www.bolsaplast.com\/#website","url":"https:\/\/www.bolsaplast.com\/","name":"Bolsaplast","description":"Sp\u00e9cialis\u00e9 dans l'emballage flexible et l'emballage m\u00e9dical","potentialAction":[{"@type":"SearchAction","target":{"@type":"EntryPoint","urlTemplate":"https:\/\/www.bolsaplast.com\/?s={search_term_string}"},"query-input":{"@type":"PropertyValueSpecification","valueRequired":true,"valueName":"search_term_string"}}],"inLanguage":"fr-FR"}]}},"_links":{"self":[{"href":"https:\/\/www.bolsaplast.com\/fr\/wp-json\/wp\/v2\/pages\/573","targetHints":{"allow":["GET"]}}],"collection":[{"href":"https:\/\/www.bolsaplast.com\/fr\/wp-json\/wp\/v2\/pages"}],"about":[{"href":"https:\/\/www.bolsaplast.com\/fr\/wp-json\/wp\/v2\/types\/page"}],"author":[{"embeddable":true,"href":"https:\/\/www.bolsaplast.com\/fr\/wp-json\/wp\/v2\/users\/1"}],"replies":[{"embeddable":true,"href":"https:\/\/www.bolsaplast.com\/fr\/wp-json\/wp\/v2\/comments?post=573"}],"version-history":[{"count":3,"href":"https:\/\/www.bolsaplast.com\/fr\/wp-json\/wp\/v2\/pages\/573\/revisions"}],"predecessor-version":[{"id":578,"href":"https:\/\/www.bolsaplast.com\/fr\/wp-json\/wp\/v2\/pages\/573\/revisions\/578"}],"wp:attachment":[{"href":"https:\/\/www.bolsaplast.com\/fr\/wp-json\/wp\/v2\/media?parent=573"}],"curies":[{"name":"wp","href":"https:\/\/api.w.org\/{rel}","templated":true}]}}